{"id":70,"date":"2024-07-15T10:38:12","date_gmt":"2024-07-15T10:38:12","guid":{"rendered":"https:\/\/marimonassessors.com\/?page_id=70"},"modified":"2024-07-24T14:22:04","modified_gmt":"2024-07-24T12:22:04","slug":"blog","status":"publish","type":"page","link":"https:\/\/marimonassessors.com\/ca\/blog\/","title":{"rendered":"Blog"},"content":{"rendered":"<div data-elementor-type=\"wp-page\" data-elementor-id=\"70\" class=\"elementor elementor-70\" data-elementor-post-type=\"page\">\n\t\t\t\t\t\t<section class=\"elementor-section elementor-top-section elementor-element elementor-element-664f3523 elementor-section-content-middle elementor-section-boxed elementor-section-height-default elementor-section-height-default\" data-id=\"664f3523\" data-element_type=\"section\" data-settings=\"{&quot;background_background&quot;:&quot;classic&quot;,&quot;shape_divider_bottom&quot;:&quot;triangle&quot;,&quot;shape_divider_bottom_negative&quot;:&quot;yes&quot;}\">\n\t\t\t\t\t\t\t<div class=\"elementor-background-overlay\"><\/div>\n\t\t\t\t\t\t<div class=\"elementor-shape elementor-shape-bottom\" data-negative=\"true\">\n\t\t\t<svg xmlns=\"http:\/\/www.w3.org\/2000\/svg\" viewbox=\"0 0 1000 100\" preserveaspectratio=\"none\">\n\t<path class=\"elementor-shape-fill\" d=\"M500.2,94.7L0,0v100h1000V0L500.2,94.7z\"\/>\n<\/svg>\t\t<\/div>\n\t\t\t\t\t<div class=\"elementor-container elementor-column-gap-default\">\n\t\t\t\t\t<div class=\"elementor-column elementor-col-100 elementor-top-column elementor-element elementor-element-751a2868\" data-id=\"751a2868\" data-element_type=\"column\">\n\t\t\t<div class=\"elementor-widget-wrap elementor-element-populated\">\n\t\t\t\t\t\t<div class=\"elementor-element elementor-element-6f46554a elementor-widget elementor-widget-heading\" data-id=\"6f46554a\" data-element_type=\"widget\" data-widget_type=\"heading.default\">\n\t\t\t\t<div class=\"elementor-widget-container\">\n\t\t\t<h2 class=\"elementor-heading-title elementor-size-default\">Blog<\/h2>\t\t<\/div>\n\t\t\t\t<\/div>\n\t\t\t\t\t<\/div>\n\t\t<\/div>\n\t\t\t\t\t<\/div>\n\t\t<\/section>\n\t\t\t\t<section class=\"elementor-section elementor-top-section elementor-element elementor-element-6808911f elementor-section-boxed elementor-section-height-default elementor-section-height-default\" data-id=\"6808911f\" data-element_type=\"section\" data-settings=\"{&quot;background_background&quot;:&quot;classic&quot;}\">\n\t\t\t\t\t\t<div class=\"elementor-container elementor-column-gap-default\">\n\t\t\t\t\t<div class=\"elementor-column elementor-col-100 elementor-top-column elementor-element elementor-element-40c8d303\" data-id=\"40c8d303\" data-element_type=\"column\">\n\t\t\t<div class=\"elementor-widget-wrap elementor-element-populated\">\n\t\t\t\t\t\t<div class=\"elementor-element elementor-element-1fdf64b0 elementor-widget__width-auto elementor-widget elementor-widget-heading\" data-id=\"1fdf64b0\" data-element_type=\"widget\" data-widget_type=\"heading.default\">\n\t\t\t\t<div class=\"elementor-widget-container\">\n\t\t\t<h2 class=\"elementor-heading-title elementor-size-default\">Les nostres not\u00edcies<\/h2>\t\t<\/div>\n\t\t\t\t<\/div>\n\t\t\t\t<div class=\"elementor-element elementor-element-1f57e19c elementor-widget__width-initial elementor-widget-divider--view-line elementor-widget elementor-widget-divider\" data-id=\"1f57e19c\" data-element_type=\"widget\" data-widget_type=\"divider.default\">\n\t\t\t\t<div class=\"elementor-widget-container\">\n\t\t\t\t\t<div class=\"elementor-divider\">\n\t\t\t<span class=\"elementor-divider-separator\">\n\t\t\t\t\t\t<\/span>\n\t\t<\/div>\n\t\t\t\t<\/div>\n\t\t\t\t<\/div>\n\t\t\t\t<div class=\"elementor-element elementor-element-5dc238d0 elementor-widget elementor-widget-heading\" data-id=\"5dc238d0\" data-element_type=\"widget\" data-widget_type=\"heading.default\">\n\t\t\t\t<div class=\"elementor-widget-container\">\n\t\t\t<h2 class=\"elementor-heading-title elementor-size-default\">\u00daltimes not\u00edcies publicades<\/h2>\t\t<\/div>\n\t\t\t\t<\/div>\n\t\t\t\t<div class=\"elementor-element elementor-element-21e74e4a elementor-widget elementor-widget-jkit_post_block\" data-id=\"21e74e4a\" data-element_type=\"widget\" data-widget_type=\"jkit_post_block.default\">\n\t\t\t\t<div class=\"elementor-widget-container\">\n\t\t\t<div  class=\"jeg-elementor-kit jkit-postblock postblock-type-3 jkit-pagination-disable post-element jeg_module___69f0d10dab9ba\"  data-id=\"jeg_module___69f0d10dab9ba\" data-settings=\"{&quot;post_type&quot;:&quot;post&quot;,&quot;number_post&quot;:{&quot;unit&quot;:&quot;px&quot;,&quot;size&quot;:6,&quot;sizes&quot;:[]},&quot;post_offset&quot;:0,&quot;unique_content&quot;:&quot;disable&quot;,&quot;include_post&quot;:&quot;&quot;,&quot;exclude_post&quot;:&quot;&quot;,&quot;include_category&quot;:&quot;&quot;,&quot;exclude_category&quot;:&quot;&quot;,&quot;include_author&quot;:&quot;&quot;,&quot;include_tag&quot;:&quot;&quot;,&quot;exclude_tag&quot;:&quot;&quot;,&quot;sort_by&quot;:&quot;latest&quot;,&quot;pagination_mode&quot;:&quot;disable&quot;,&quot;pagination_loadmore_text&quot;:&quot;Load More&quot;,&quot;pagination_loading_text&quot;:&quot;Loading...&quot;,&quot;pagination_number_post&quot;:{&quot;unit&quot;:&quot;px&quot;,&quot;size&quot;:3,&quot;sizes&quot;:[]},&quot;pagination_scroll_limit&quot;:0,&quot;pagination_icon&quot;:{&quot;value&quot;:&quot;&quot;,&quot;library&quot;:&quot;&quot;},&quot;pagination_icon_position&quot;:&quot;before&quot;,&quot;st_category_position&quot;:&quot;&quot;,&quot;sg_content_postblock_type&quot;:&quot;type-3&quot;,&quot;sg_content_element_order&quot;:&quot;title,meta,excerpt,read&quot;,&quot;sg_content_breakpoint&quot;:&quot;tablet&quot;,&quot;sg_content_title_html_tag&quot;:&quot;h4&quot;,&quot;sg_content_category_enable&quot;:&quot;yes&quot;,&quot;sg_content_excerpt_enable&quot;:&quot;yes&quot;,&quot;sg_content_excerpt_length&quot;:{&quot;unit&quot;:&quot;px&quot;,&quot;size&quot;:12,&quot;sizes&quot;:[]},&quot;sg_content_excerpt_more&quot;:&quot;...&quot;,&quot;sg_content_readmore_enable&quot;:&quot;&quot;,&quot;sg_content_readmore_icon&quot;:{&quot;value&quot;:&quot;&quot;,&quot;library&quot;:&quot;&quot;},&quot;sg_content_readmore_icon_position&quot;:&quot;after&quot;,&quot;sg_content_readmore_text&quot;:&quot;Read More&quot;,&quot;sg_content_comment_enable&quot;:&quot;&quot;,&quot;sg_content_comment_icon&quot;:{&quot;value&quot;:&quot;fas fa-comment&quot;,&quot;library&quot;:&quot;fa-solid&quot;},&quot;sg_content_comment_icon_position&quot;:&quot;before&quot;,&quot;sg_content_meta_enable&quot;:&quot;&quot;,&quot;sg_content_meta_author_enable&quot;:&quot;&quot;,&quot;sg_content_meta_author_by_text&quot;:&quot;by&quot;,&quot;sg_content_meta_author_icon&quot;:{&quot;value&quot;:&quot;fas fa-user&quot;,&quot;library&quot;:&quot;fa-solid&quot;},&quot;sg_content_meta_author_icon_position&quot;:&quot;before&quot;,&quot;sg_content_meta_date_enable&quot;:&quot;&quot;,&quot;sg_content_meta_date_type&quot;:&quot;published&quot;,&quot;sg_content_meta_date_format&quot;:&quot;default&quot;,&quot;sg_content_meta_date_format_custom&quot;:&quot;F j, Y&quot;,&quot;sg_content_meta_date_icon&quot;:{&quot;value&quot;:&quot;fas fa-clock&quot;,&quot;library&quot;:&quot;fa-solid&quot;},&quot;sg_content_meta_date_icon_position&quot;:&quot;before&quot;,&quot;sg_content_image_size_imagesize_size&quot;:&quot;full&quot;,&quot;paged&quot;:1,&quot;class&quot;:&quot;jkit_post_block&quot;}\"><div class=\"jkit-block-container\"><div class=\"jkit-posts jkit-ajax-flag\">\n            <article class=\"jkit-post post-507 post type-post status-publish format-standard has-post-thumbnail hentry category-fiscal\">\n                    <div class=\"jkit-thumb\"><a aria-label=\"El nou SMI 2025: Implicacions i Beneficis per als Treballadors a Espanya\" href=\"https:\/\/marimonassessors.com\/ca\/el-nuevo-smi-2025-implicaciones-y-beneficios-para-los-trabajadores-en-espana\/\"><div class=\"thumbnail-container\">\n            <img loading=\"lazy\" decoding=\"async\" width=\"1110\" height=\"550\" src=\"https:\/\/marimonassessors.com\/wp-content\/uploads\/2025\/02\/G8tHs8OwxLNbjEfZSeMHKw0sgXkMGaRY71IhwtSd.jpg\" class=\"attachment-full size-full wp-post-image\" alt=\"\" srcset=\"https:\/\/marimonassessors.com\/wp-content\/uploads\/2025\/02\/G8tHs8OwxLNbjEfZSeMHKw0sgXkMGaRY71IhwtSd.jpg 1110w, https:\/\/marimonassessors.com\/wp-content\/uploads\/2025\/02\/G8tHs8OwxLNbjEfZSeMHKw0sgXkMGaRY71IhwtSd-300x149.jpg 300w, https:\/\/marimonassessors.com\/wp-content\/uploads\/2025\/02\/G8tHs8OwxLNbjEfZSeMHKw0sgXkMGaRY71IhwtSd-1024x507.jpg 1024w, https:\/\/marimonassessors.com\/wp-content\/uploads\/2025\/02\/G8tHs8OwxLNbjEfZSeMHKw0sgXkMGaRY71IhwtSd-768x381.jpg 768w, https:\/\/marimonassessors.com\/wp-content\/uploads\/2025\/02\/G8tHs8OwxLNbjEfZSeMHKw0sgXkMGaRY71IhwtSd-18x9.jpg 18w\" sizes=\"auto, (max-width: 1110px) 100vw, 1110px\" \/>\n        <\/div><\/a><div class=\"jkit-post-category position-\"><span><a href=\"https:\/\/marimonassessors.com\/ca\/category\/fiscal\/\" class=\"category-fiscal\">Fiscal<\/a><\/span><\/div><\/div>\n                    <div class=\"jkit-postblock-content\"><h4 class=\"jkit-post-title\">\n\t\t\t\t\t\t\t<a href=\"https:\/\/marimonassessors.com\/ca\/el-nuevo-smi-2025-implicaciones-y-beneficios-para-los-trabajadores-en-espana\/\">El nou SMI 2025: Implicacions i Beneficis per als Treballadors a Espanya<\/a>\n\t\t\t\t\t\t<\/h4><div class=\"jkit-post-excerpt\"><p>Pujada del Salari M\u00ednim Interprofessional (SMI) el 2025 El Consell de Ministres,...<\/p><\/div><div class=\"jkit-post-meta-bottom\">\n\t\t\t\t\t\t\t\n\t\t\t\t\t\t<\/div><\/div>\n                <\/article><article class=\"jkit-post post-505 post type-post status-publish format-standard has-post-thumbnail hentry category-fiscal\">\n                    <div class=\"jkit-thumb\"><a aria-label=\"L&#039;efecte de la nova taxa de residus en aut\u00f2noms i petits negocis\" href=\"https:\/\/marimonassessors.com\/ca\/el-efecto-de-la-nueva-tasa-de-residuos-en-autonomos-y-pequenos-negocios\/\"><div class=\"thumbnail-container\">\n            <img loading=\"lazy\" decoding=\"async\" width=\"2560\" height=\"1280\" src=\"https:\/\/marimonassessors.com\/wp-content\/uploads\/2025\/02\/YPAgAMTtNzbyv89avhvTHCXkJuy9bKlykIDsMvZ8-scaled.jpg\" class=\"attachment-full size-full wp-post-image\" alt=\"\" srcset=\"https:\/\/marimonassessors.com\/wp-content\/uploads\/2025\/02\/YPAgAMTtNzbyv89avhvTHCXkJuy9bKlykIDsMvZ8-scaled.jpg 2560w, https:\/\/marimonassessors.com\/wp-content\/uploads\/2025\/02\/YPAgAMTtNzbyv89avhvTHCXkJuy9bKlykIDsMvZ8-300x150.jpg 300w, https:\/\/marimonassessors.com\/wp-content\/uploads\/2025\/02\/YPAgAMTtNzbyv89avhvTHCXkJuy9bKlykIDsMvZ8-1024x512.jpg 1024w, https:\/\/marimonassessors.com\/wp-content\/uploads\/2025\/02\/YPAgAMTtNzbyv89avhvTHCXkJuy9bKlykIDsMvZ8-768x384.jpg 768w, https:\/\/marimonassessors.com\/wp-content\/uploads\/2025\/02\/YPAgAMTtNzbyv89avhvTHCXkJuy9bKlykIDsMvZ8-1536x768.jpg 1536w, https:\/\/marimonassessors.com\/wp-content\/uploads\/2025\/02\/YPAgAMTtNzbyv89avhvTHCXkJuy9bKlykIDsMvZ8-2048x1024.jpg 2048w, https:\/\/marimonassessors.com\/wp-content\/uploads\/2025\/02\/YPAgAMTtNzbyv89avhvTHCXkJuy9bKlykIDsMvZ8-18x9.jpg 18w\" sizes=\"auto, (max-width: 2560px) 100vw, 2560px\" \/>\n        <\/div><\/a><div class=\"jkit-post-category position-\"><span><a href=\"https:\/\/marimonassessors.com\/ca\/category\/fiscal\/\" class=\"category-fiscal\">Fiscal<\/a><\/span><\/div><\/div>\n                    <div class=\"jkit-postblock-content\"><h4 class=\"jkit-post-title\">\n\t\t\t\t\t\t\t<a href=\"https:\/\/marimonassessors.com\/ca\/el-efecto-de-la-nueva-tasa-de-residuos-en-autonomos-y-pequenos-negocios\/\">L&#039;efecte de la nova taxa de residus en aut\u00f2noms i petits negocis<\/a>\n\t\t\t\t\t\t<\/h4><div class=\"jkit-post-excerpt\"><p>Una Nova Realitat Fiscal per a Petites Empreses La Llei 7\/2022 sobre Residus...<\/p><\/div><div class=\"jkit-post-meta-bottom\">\n\t\t\t\t\t\t\t\n\t\t\t\t\t\t<\/div><\/div>\n                <\/article><article class=\"jkit-post post-502 post type-post status-publish format-standard has-post-thumbnail hentry category-fiscal\">\n                    <div class=\"jkit-thumb\"><a aria-label=\"Important decisi\u00f3 judicial: Exempci\u00f3 de l&#039;impost de transmissions per a terrasses de bars\" href=\"https:\/\/marimonassessors.com\/ca\/importante-decision-judicial-exencion-del-impuesto-de-transmisiones-para-terrazas-de-bares\/\"><div class=\"thumbnail-container\">\n            <img loading=\"lazy\" decoding=\"async\" width=\"1600\" height=\"1100\" src=\"https:\/\/marimonassessors.com\/wp-content\/uploads\/2025\/02\/E23XAkq7B7Ahma6KRVq3ydd2jiuw36f2LpiiJKH8.jpg\" class=\"attachment-full size-full wp-post-image\" alt=\"\" srcset=\"https:\/\/marimonassessors.com\/wp-content\/uploads\/2025\/02\/E23XAkq7B7Ahma6KRVq3ydd2jiuw36f2LpiiJKH8.jpg 1600w, https:\/\/marimonassessors.com\/wp-content\/uploads\/2025\/02\/E23XAkq7B7Ahma6KRVq3ydd2jiuw36f2LpiiJKH8-300x206.jpg 300w, https:\/\/marimonassessors.com\/wp-content\/uploads\/2025\/02\/E23XAkq7B7Ahma6KRVq3ydd2jiuw36f2LpiiJKH8-1024x704.jpg 1024w, https:\/\/marimonassessors.com\/wp-content\/uploads\/2025\/02\/E23XAkq7B7Ahma6KRVq3ydd2jiuw36f2LpiiJKH8-768x528.jpg 768w, https:\/\/marimonassessors.com\/wp-content\/uploads\/2025\/02\/E23XAkq7B7Ahma6KRVq3ydd2jiuw36f2LpiiJKH8-1536x1056.jpg 1536w, https:\/\/marimonassessors.com\/wp-content\/uploads\/2025\/02\/E23XAkq7B7Ahma6KRVq3ydd2jiuw36f2LpiiJKH8-18x12.jpg 18w\" sizes=\"auto, (max-width: 1600px) 100vw, 1600px\" \/>\n        <\/div><\/a><div class=\"jkit-post-category position-\"><span><a href=\"https:\/\/marimonassessors.com\/ca\/category\/fiscal\/\" class=\"category-fiscal\">Fiscal<\/a><\/span><\/div><\/div>\n                    <div class=\"jkit-postblock-content\"><h4 class=\"jkit-post-title\">\n\t\t\t\t\t\t\t<a href=\"https:\/\/marimonassessors.com\/ca\/importante-decision-judicial-exencion-del-impuesto-de-transmisiones-para-terrazas-de-bares\/\">Important decisi\u00f3 judicial: Exempci\u00f3 de l&#039;impost de transmissions per a terrasses de bars<\/a>\n\t\t\t\t\t\t<\/h4><div class=\"jkit-post-excerpt\"><p>Alleugeriment fiscal per als negocis d&#039;hostaleria Recentment, el Tribunal Suprem ha em\u00e8s...<\/p><\/div><div class=\"jkit-post-meta-bottom\">\n\t\t\t\t\t\t\t\n\t\t\t\t\t\t<\/div><\/div>\n                <\/article><article class=\"jkit-post post-499 post type-post status-publish format-standard has-post-thumbnail hentry category-civil\">\n                    <div class=\"jkit-thumb\"><a aria-label=\"Les bases i protecci\u00f3 del dret contractual\" href=\"https:\/\/marimonassessors.com\/ca\/las-bases-y-proteccion-del-derecho-contractual\/\"><div class=\"thumbnail-container\">\n            <img loading=\"lazy\" decoding=\"async\" width=\"800\" height=\"534\" src=\"https:\/\/marimonassessors.com\/wp-content\/uploads\/2025\/02\/C4fcdBAk25VoxR2EsSALgw7tkAWkgOn0ZEQ4C5IU.jpg\" class=\"attachment-full size-full wp-post-image\" alt=\"\" srcset=\"https:\/\/marimonassessors.com\/wp-content\/uploads\/2025\/02\/C4fcdBAk25VoxR2EsSALgw7tkAWkgOn0ZEQ4C5IU.jpg 800w, https:\/\/marimonassessors.com\/wp-content\/uploads\/2025\/02\/C4fcdBAk25VoxR2EsSALgw7tkAWkgOn0ZEQ4C5IU-300x200.jpg 300w, https:\/\/marimonassessors.com\/wp-content\/uploads\/2025\/02\/C4fcdBAk25VoxR2EsSALgw7tkAWkgOn0ZEQ4C5IU-768x513.jpg 768w, https:\/\/marimonassessors.com\/wp-content\/uploads\/2025\/02\/C4fcdBAk25VoxR2EsSALgw7tkAWkgOn0ZEQ4C5IU-18x12.jpg 18w\" sizes=\"auto, (max-width: 800px) 100vw, 800px\" \/>\n        <\/div><\/a><div class=\"jkit-post-category position-\"><span><a href=\"https:\/\/marimonassessors.com\/ca\/category\/civil\/\" class=\"category-civil\">Civil<\/a><\/span><\/div><\/div>\n                    <div class=\"jkit-postblock-content\"><h4 class=\"jkit-post-title\">\n\t\t\t\t\t\t\t<a href=\"https:\/\/marimonassessors.com\/ca\/las-bases-y-proteccion-del-derecho-contractual\/\">Les bases i protecci\u00f3 del dret contractual<\/a>\n\t\t\t\t\t\t<\/h4><div class=\"jkit-post-excerpt\"><p>El paper del dret contractual \u00e9s crucial tant en l&#039;\u00e0mbit civil...<\/p><\/div><div class=\"jkit-post-meta-bottom\">\n\t\t\t\t\t\t\t\n\t\t\t\t\t\t<\/div><\/div>\n                <\/article><article class=\"jkit-post post-496 post type-post status-publish format-standard has-post-thumbnail hentry category-social\">\n                    <div class=\"jkit-thumb\"><a aria-label=\"Negada la cust\u00f2dia compartida a pare condemnat per maltractament a la Corunya\" href=\"https:\/\/marimonassessors.com\/ca\/negada-la-custodia-compartida-a-padre-condenado-por-maltrato-en-a-coruna\/\"><div class=\"thumbnail-container\">\n            <img loading=\"lazy\" decoding=\"async\" width=\"1000\" height=\"667\" src=\"https:\/\/marimonassessors.com\/wp-content\/uploads\/2025\/01\/zdeenqJyFDOJndoKOmWoDHagex9o1csvZWFTVUcl.jpg\" class=\"attachment-full size-full wp-post-image\" alt=\"\" srcset=\"https:\/\/marimonassessors.com\/wp-content\/uploads\/2025\/01\/zdeenqJyFDOJndoKOmWoDHagex9o1csvZWFTVUcl.jpg 1000w, https:\/\/marimonassessors.com\/wp-content\/uploads\/2025\/01\/zdeenqJyFDOJndoKOmWoDHagex9o1csvZWFTVUcl-300x200.jpg 300w, https:\/\/marimonassessors.com\/wp-content\/uploads\/2025\/01\/zdeenqJyFDOJndoKOmWoDHagex9o1csvZWFTVUcl-768x512.jpg 768w, https:\/\/marimonassessors.com\/wp-content\/uploads\/2025\/01\/zdeenqJyFDOJndoKOmWoDHagex9o1csvZWFTVUcl-18x12.jpg 18w\" sizes=\"auto, (max-width: 1000px) 100vw, 1000px\" \/>\n        <\/div><\/a><div class=\"jkit-post-category position-\"><span><a href=\"https:\/\/marimonassessors.com\/ca\/category\/social\/\" class=\"category-social\">Social<\/a><\/span><\/div><\/div>\n                    <div class=\"jkit-postblock-content\"><h4 class=\"jkit-post-title\">\n\t\t\t\t\t\t\t<a href=\"https:\/\/marimonassessors.com\/ca\/negada-la-custodia-compartida-a-padre-condenado-por-maltrato-en-a-coruna\/\">Negada la cust\u00f2dia compartida a pare condemnat per maltractament a la Corunya<\/a>\n\t\t\t\t\t\t<\/h4><div class=\"jkit-post-excerpt\"><p>Desestimada la cust\u00f2dia compartida per a un pare violent L&#039;Audi\u00e8ncia Provincial de...<\/p><\/div><div class=\"jkit-post-meta-bottom\">\n\t\t\t\t\t\t\t\n\t\t\t\t\t\t<\/div><\/div>\n                <\/article><article class=\"jkit-post post-490 post type-post status-publish format-standard has-post-thumbnail hentry category-social\">\n                    <div class=\"jkit-thumb\"><a aria-label=\"Ad\u00e9u a les Golden Visa a Espanya a partir de l&#039;abril del 2025\" href=\"https:\/\/marimonassessors.com\/ca\/adios-a-las-golden-visa-en-espana-a-partir-de-abril-de-2025\/\"><div class=\"thumbnail-container\">\n            <img loading=\"lazy\" decoding=\"async\" width=\"537\" height=\"403\" src=\"https:\/\/marimonassessors.com\/wp-content\/uploads\/2025\/01\/CC1j9fKTUlXVDliCzYlb6JOuSgwndcDLD9RNpEdF.jpg\" class=\"attachment-full size-full wp-post-image\" alt=\"\" srcset=\"https:\/\/marimonassessors.com\/wp-content\/uploads\/2025\/01\/CC1j9fKTUlXVDliCzYlb6JOuSgwndcDLD9RNpEdF.jpg 537w, https:\/\/marimonassessors.com\/wp-content\/uploads\/2025\/01\/CC1j9fKTUlXVDliCzYlb6JOuSgwndcDLD9RNpEdF-300x225.jpg 300w, https:\/\/marimonassessors.com\/wp-content\/uploads\/2025\/01\/CC1j9fKTUlXVDliCzYlb6JOuSgwndcDLD9RNpEdF-16x12.jpg 16w\" sizes=\"auto, (max-width: 537px) 100vw, 537px\" \/>\n        <\/div><\/a><div class=\"jkit-post-category position-\"><span><a href=\"https:\/\/marimonassessors.com\/ca\/category\/social\/\" class=\"category-social\">Social<\/a><\/span><\/div><\/div>\n                    <div class=\"jkit-postblock-content\"><h4 class=\"jkit-post-title\">\n\t\t\t\t\t\t\t<a href=\"https:\/\/marimonassessors.com\/ca\/adios-a-las-golden-visa-en-espana-a-partir-de-abril-de-2025\/\">Ad\u00e9u a les Golden Visa a Espanya a partir de l&#039;abril del 2025<\/a>\n\t\t\t\t\t\t<\/h4><div class=\"jkit-post-excerpt\"><p>La fi d&#039;una era per a les Golden Visa A partir del...<\/p><\/div><div class=\"jkit-post-meta-bottom\">\n\t\t\t\t\t\t\t\n\t\t\t\t\t\t<\/div><\/div>\n                <\/article>\n        <\/div><\/div><\/div>\t\t<\/div>\n\t\t\t\t<\/div>\n\t\t\t\t\t<\/div>\n\t\t<\/div>\n\t\t\t\t\t<\/div>\n\t\t<\/section>\n\t\t<div class=\"elementor-element elementor-element-53afe1b e-flex e-con-boxed e-con e-parent\" data-id=\"53afe1b\" data-element_type=\"container\">\n\t\t\t\t\t<div class=\"e-con-inner\">\n\t\t<div class=\"elementor-element elementor-element-a3b6596 e-con-full e-flex e-con e-child\" data-id=\"a3b6596\" data-element_type=\"container\" data-settings=\"{&quot;background_background&quot;:&quot;classic&quot;}\">\n\t\t\t\t<div class=\"elementor-element elementor-element-7a73aed elementor-widget elementor-widget-heading\" data-id=\"7a73aed\" data-element_type=\"widget\" data-widget_type=\"heading.default\">\n\t\t\t\t<div class=\"elementor-widget-container\">\n\t\t\t<p class=\"elementor-heading-title elementor-size-default\">Uneix-te al nostre canal de WhatsAppp<\/p>\t\t<\/div>\n\t\t\t\t<\/div>\n\t\t\t\t<div class=\"elementor-element elementor-element-2e4d8b9 elementor-align-center elementor-widget elementor-widget-button\" data-id=\"2e4d8b9\" data-element_type=\"widget\" data-widget_type=\"button.default\">\n\t\t\t\t<div class=\"elementor-widget-container\">\n\t\t\t\t\t\t\t<div class=\"elementor-button-wrapper\">\n\t\t\t\t\t<a class=\"elementor-button elementor-button-link elementor-size-sm\" href=\"https:\/\/whatsapp.com\/channel\/0029VaftPAtAYlUM8byvDr0J\">\n\t\t\t\t\t\t<span class=\"elementor-button-content-wrapper\">\n\t\t\t\t\t\t<span class=\"elementor-button-icon\">\n\t\t\t\t<i aria-hidden=\"true\" class=\"jki jki-whatsapp-2-light\"><\/i>\t\t\t<\/span>\n\t\t\t\t\t\t\t\t\t<span class=\"elementor-button-text\">Unir-me Ara<\/span>\n\t\t\t\t\t<\/span>\n\t\t\t\t\t<\/a>\n\t\t\t\t<\/div>\n\t\t\t\t\t\t<\/div>\n\t\t\t\t<\/div>\n\t\t\t\t<\/div>\n\t\t\t\t\t<\/div>\n\t\t\t\t<\/div>\n\t\t\t\t<\/div>","protected":false},"excerpt":{"rendered":"<p>Blog Les nostres not\u00edcies \u00daltimes not\u00edcies publicades edit post Social Tribunal confirma acomiadament per baixa fingida: Treballadora publicava a Instagram com a Coach mentre estava de baixa per depressi\u00f3. La just\u00edcia valenciana ha avalat l&#039;acomiadament disciplinari d&#039;una empleada que,\u2026 Uneix-te al nostre canal de WhatsAppp Unir-me Ara<\/p>","protected":false},"author":1,"featured_media":0,"parent":0,"menu_order":0,"comment_status":"closed","ping_status":"closed","template":"elementor_header_footer","meta":{"footnotes":""},"class_list":["post-70","page","type-page","status-publish","hentry"],"yoast_head":"<!-- This site is optimized with the Yoast SEO plugin v23.1 - https:\/\/yoast.com\/wordpress\/plugins\/seo\/ -->\n<title>Blog - Marimon Assessors<\/title>\n<meta name=\"robots\" content=\"index, follow, max-snippet:-1, max-image-preview:large, max-video-preview:-1\" \/>\n<link rel=\"canonical\" href=\"https:\/\/marimonassessors.com\/ca\/blog\/\" \/>\n<meta property=\"og:locale\" content=\"ca_ES\" \/>\n<meta property=\"og:type\" content=\"article\" \/>\n<meta property=\"og:title\" content=\"Blog - Marimon Assessors\" \/>\n<meta property=\"og:description\" content=\"Blog Nuestras noticias \u00daltimas noticias publicadas edit post Social Tribunal confirma despido por baja fingida: Trabajadora publicaba en Instagram como Coach mientras estaba de baja por depresi\u00f3n. La justicia valenciana ha avalado el despido disciplinario de una empleada que,&#8230; \u00danete a nuestro canal de WhatsAppp Unirme Ahora\" \/>\n<meta property=\"og:url\" content=\"https:\/\/marimonassessors.com\/ca\/blog\/\" \/>\n<meta property=\"og:site_name\" content=\"Marimon Assessors\" \/>\n<meta property=\"article:modified_time\" content=\"2024-07-24T12:22:04+00:00\" \/>\n<meta property=\"og:image\" content=\"https:\/\/marimonassessors.com\/wp-content\/uploads\/2024\/07\/pexels-olly-3760067-scaled.jpg\" \/>\n<meta name=\"twitter:card\" content=\"summary_large_image\" \/>\n<meta name=\"twitter:label1\" content=\"Temps estimat de lectura\" \/>\n\t<meta name=\"twitter:data1\" content=\"1 minut\" \/>\n<script type=\"application\/ld+json\" class=\"yoast-schema-graph\">{\"@context\":\"https:\/\/schema.org\",\"@graph\":[{\"@type\":\"WebPage\",\"@id\":\"https:\/\/marimonassessors.com\/blog\/\",\"url\":\"https:\/\/marimonassessors.com\/blog\/\",\"name\":\"Blog - Marimon Assessors\",\"isPartOf\":{\"@id\":\"https:\/\/marimonassessors.com\/#website\"},\"primaryImageOfPage\":{\"@id\":\"https:\/\/marimonassessors.com\/blog\/#primaryimage\"},\"image\":{\"@id\":\"https:\/\/marimonassessors.com\/blog\/#primaryimage\"},\"thumbnailUrl\":\"https:\/\/marimonassessors.com\/wp-content\/uploads\/2024\/07\/pexels-olly-3760067-scaled.jpg\",\"datePublished\":\"2024-07-15T10:38:12+00:00\",\"dateModified\":\"2024-07-24T12:22:04+00:00\",\"breadcrumb\":{\"@id\":\"https:\/\/marimonassessors.com\/blog\/#breadcrumb\"},\"inLanguage\":\"ca\",\"potentialAction\":[{\"@type\":\"ReadAction\",\"target\":[\"https:\/\/marimonassessors.com\/blog\/\"]}]},{\"@type\":\"ImageObject\",\"inLanguage\":\"ca\",\"@id\":\"https:\/\/marimonassessors.com\/blog\/#primaryimage\",\"url\":\"https:\/\/marimonassessors.com\/wp-content\/uploads\/2024\/07\/pexels-olly-3760067-scaled.jpg\",\"contentUrl\":\"https:\/\/marimonassessors.com\/wp-content\/uploads\/2024\/07\/pexels-olly-3760067-scaled.jpg\"},{\"@type\":\"BreadcrumbList\",\"@id\":\"https:\/\/marimonassessors.com\/blog\/#breadcrumb\",\"itemListElement\":[{\"@type\":\"ListItem\",\"position\":1,\"name\":\"Portada\",\"item\":\"https:\/\/marimonassessors.com\/\"},{\"@type\":\"ListItem\",\"position\":2,\"name\":\"Blog\"}]},{\"@type\":\"WebSite\",\"@id\":\"https:\/\/marimonassessors.com\/#website\",\"url\":\"https:\/\/marimonassessors.com\/\",\"name\":\"Marimon Assessors\",\"description\":\"\",\"potentialAction\":[{\"@type\":\"SearchAction\",\"target\":{\"@type\":\"EntryPoint\",\"urlTemplate\":\"https:\/\/marimonassessors.com\/?s={search_term_string}\"},\"query-input\":\"required name=search_term_string\"}],\"inLanguage\":\"ca\"}]}<\/script>\n<!-- \/ Yoast SEO plugin. -->","yoast_head_json":{"title":"Blog - Marimon Assessors","robots":{"index":"index","follow":"follow","max-snippet":"max-snippet:-1","max-image-preview":"max-image-preview:large","max-video-preview":"max-video-preview:-1"},"canonical":"https:\/\/marimonassessors.com\/ca\/blog\/","og_locale":"ca_ES","og_type":"article","og_title":"Blog - Marimon Assessors","og_description":"Blog Nuestras noticias \u00daltimas noticias publicadas edit post Social Tribunal confirma despido por baja fingida: Trabajadora publicaba en Instagram como Coach mientras estaba de baja por depresi\u00f3n. La justicia valenciana ha avalado el despido disciplinario de una empleada que,&#8230; \u00danete a nuestro canal de WhatsAppp Unirme Ahora","og_url":"https:\/\/marimonassessors.com\/ca\/blog\/","og_site_name":"Marimon Assessors","article_modified_time":"2024-07-24T12:22:04+00:00","og_image":[{"url":"https:\/\/marimonassessors.com\/wp-content\/uploads\/2024\/07\/pexels-olly-3760067-scaled.jpg"}],"twitter_card":"summary_large_image","twitter_misc":{"Temps estimat de lectura":"1 minut"},"schema":{"@context":"https:\/\/schema.org","@graph":[{"@type":"WebPage","@id":"https:\/\/marimonassessors.com\/blog\/","url":"https:\/\/marimonassessors.com\/blog\/","name":"Blog - Marimon Assessors","isPartOf":{"@id":"https:\/\/marimonassessors.com\/#website"},"primaryImageOfPage":{"@id":"https:\/\/marimonassessors.com\/blog\/#primaryimage"},"image":{"@id":"https:\/\/marimonassessors.com\/blog\/#primaryimage"},"thumbnailUrl":"https:\/\/marimonassessors.com\/wp-content\/uploads\/2024\/07\/pexels-olly-3760067-scaled.jpg","datePublished":"2024-07-15T10:38:12+00:00","dateModified":"2024-07-24T12:22:04+00:00","breadcrumb":{"@id":"https:\/\/marimonassessors.com\/blog\/#breadcrumb"},"inLanguage":"ca","potentialAction":[{"@type":"ReadAction","target":["https:\/\/marimonassessors.com\/blog\/"]}]},{"@type":"ImageObject","inLanguage":"ca","@id":"https:\/\/marimonassessors.com\/blog\/#primaryimage","url":"https:\/\/marimonassessors.com\/wp-content\/uploads\/2024\/07\/pexels-olly-3760067-scaled.jpg","contentUrl":"https:\/\/marimonassessors.com\/wp-content\/uploads\/2024\/07\/pexels-olly-3760067-scaled.jpg"},{"@type":"BreadcrumbList","@id":"https:\/\/marimonassessors.com\/blog\/#breadcrumb","itemListElement":[{"@type":"ListItem","position":1,"name":"Portada","item":"https:\/\/marimonassessors.com\/"},{"@type":"ListItem","position":2,"name":"Blog"}]},{"@type":"WebSite","@id":"https:\/\/marimonassessors.com\/#website","url":"https:\/\/marimonassessors.com\/","name":"Marimon Assessors","description":"","potentialAction":[{"@type":"SearchAction","target":{"@type":"EntryPoint","urlTemplate":"https:\/\/marimonassessors.com\/?s={search_term_string}"},"query-input":"required name=search_term_string"}],"inLanguage":"ca"}]}},"_links":{"self":[{"href":"https:\/\/marimonassessors.com\/ca\/wp-json\/wp\/v2\/pages\/70","targetHints":{"allow":["GET"]}}],"collection":[{"href":"https:\/\/marimonassessors.com\/ca\/wp-json\/wp\/v2\/pages"}],"about":[{"href":"https:\/\/marimonassessors.com\/ca\/wp-json\/wp\/v2\/types\/page"}],"author":[{"embeddable":true,"href":"https:\/\/marimonassessors.com\/ca\/wp-json\/wp\/v2\/users\/1"}],"replies":[{"embeddable":true,"href":"https:\/\/marimonassessors.com\/ca\/wp-json\/wp\/v2\/comments?post=70"}],"version-history":[{"count":19,"href":"https:\/\/marimonassessors.com\/ca\/wp-json\/wp\/v2\/pages\/70\/revisions"}],"predecessor-version":[{"id":374,"href":"https:\/\/marimonassessors.com\/ca\/wp-json\/wp\/v2\/pages\/70\/revisions\/374"}],"wp:attachment":[{"href":"https:\/\/marimonassessors.com\/ca\/wp-json\/wp\/v2\/media?parent=70"}],"curies":[{"name":"wp","href":"https:\/\/api.w.org\/{rel}","templated":true}]}}