{"id":390,"date":"2024-07-24T14:26:17","date_gmt":"2024-07-24T12:26:17","guid":{"rendered":"https:\/\/marimonassessors.com\/?page_id=390"},"modified":"2024-07-24T14:29:40","modified_gmt":"2024-07-24T12:29:40","slug":"p-de-privacidad","status":"publish","type":"page","link":"https:\/\/marimonassessors.com\/ca\/p-de-privacidad\/","title":{"rendered":"P. de Privadesa"},"content":{"rendered":"<div data-elementor-type=\"wp-page\" data-elementor-id=\"390\" class=\"elementor elementor-390\" data-elementor-post-type=\"page\">\n\t\t\t\t<div class=\"elementor-element elementor-element-eece3ba e-flex e-con-boxed e-con e-parent\" data-id=\"eece3ba\" data-element_type=\"container\">\n\t\t\t\t\t<div class=\"e-con-inner\">\n\t\t\t\t<div class=\"elementor-element elementor-element-1ef9b0c elementor-widget elementor-widget-heading\" data-id=\"1ef9b0c\" data-element_type=\"widget\" data-widget_type=\"heading.default\">\n\t\t\t\t<div class=\"elementor-widget-container\">\n\t\t\t<h2 class=\"elementor-heading-title elementor-size-default\">P. de Privadesa<\/h2>\t\t<\/div>\n\t\t\t\t<\/div>\n\t\t\t\t<div class=\"elementor-element elementor-element-284e05b elementor-widget elementor-widget-text-editor\" data-id=\"284e05b\" data-element_type=\"widget\" data-widget_type=\"text-editor.default\">\n\t\t\t\t<div class=\"elementor-widget-container\">\n\t\t\t\t\t\t\t<p>EL TITULAR es compromet a protegir la privadesa dels usuaris que accedeixin a aquesta web i\/o qualsevol dels seus serveis. La utilitzaci\u00f3 de la web i\/o de qualsevol dels serveis oferts per EL TITULAR implica l&#039;acceptaci\u00f3 per l&#039;usuari de les disposicions contingudes en aquesta Pol\u00edtica de Privadesa i que les seves dades personals siguin tractades segons s&#039;hi estipula. Si us plau, tingueu en compte que tot i que hi pugui haver enlla\u00e7os de la nostra web a altres webs o xarxes socials, aquesta Pol\u00edtica de Privadesa no s&#039;aplica a les webs d&#039;altres companyies o organitzacions a les quals la web estigui redirigida. EL TITULAR no controla el contingut de les webs de tercers, ni accepta qualsevol responsabilitat pel contingut o les pol\u00edtiques de privadesa d&#039;aquestes webs.<\/p><h2 class=\"title3 titol\">Informaci\u00f3 b\u00e0sica sobre el tractament de dades (Reglament (UE) 2016\/679 i LO 3\/2018)<\/h2><ul class=\"\"><li><div class=\"cont\"><p><span class=\"text-bold\">Responsable del tractament:<\/span>\u00a0EL TITULAR. Les nostres dades figuren al\u00a0<a href=\"\/ca\/aviso-legal\/\" target=\"_blank\" rel=\"noopener\">av\u00eds legal<\/a>\u00a0d\u00b4aquesta web.<\/p><\/div><\/li><li><div class=\"cont\"><p><span class=\"text-bold\">Finalitat del tractament:<\/span>\u00a0Oferir i gestionar els nostres productes i\/o serveis.<\/p><\/div><\/li><li><div class=\"cont\"><p><span class=\"text-bold\">Legitimaci\u00f3:<\/span>\u00a0Consentiment obtingut de linteressat. Execuci\u00f3 del contracte de serveis.<\/p><\/div><\/li><li><div class=\"cont\"><p><span class=\"text-bold\">Destinataris:<\/span>\u00a0Les dades no seran comunicades a tercers, llevat que ho exigeixi una llei o sigui necessari per complir amb la finalitat del tractament.<\/p><\/div><\/li><li><div class=\"cont\"><p><span class=\"text-bold\">Drets de les persones:<\/span>\u00a0Els interessats tenen dret a exercir els drets dacc\u00e9s, rectificaci\u00f3, limitaci\u00f3 de tractament, supressi\u00f3, portabilitat i oposici\u00f3, enviant la seva sol\u00b7licitud a la nostra adre\u00e7a.<\/p><\/div><\/li><li><div class=\"cont\"><p><span class=\"text-bold\">Termini de conservaci\u00f3 de les dades:<\/span>\u00a0Mentre es mantingui la relaci\u00f3 comercial o durant els anys necessaris per complir les obligacions legals.<\/p><\/div><\/li><li><div class=\"cont\"><p><span class=\"text-bold\">Reclamaci\u00f3:<\/span>\u00a0Els interessats poden adre\u00e7ar-se a lAEPD per presentar la reclamaci\u00f3 que consideri oportuna.<\/p><\/div><\/li><li><div class=\"cont\"><p><span class=\"text-bold\">Informaci\u00f3 addicional:<\/span>\u00a0Podeu consultar la informaci\u00f3 addicional i detallada a continuaci\u00f3 a les \u201cPreguntes sobre privadesa\u201d.<\/p><\/div><\/li><\/ul><h2 class=\"title3 titol text-uppercase\">PREGUNTES SOBRE PRIVACITAT<\/h2><p>En compliment del Reglament (UE) 2016\/679 del Parlament Europeu i del Consell, del 27 d&#039;abril del 2016, (RGPD), i la Llei Org\u00e0nica 3\/2018, del 5 de desembre, de Protecci\u00f3 de Dades Personals i garantia dels drets digitals (LOPDGDD us oferim la seg\u00fcent informaci\u00f3 sobre el tractament de les vostres dades personals:<\/p><h3 class=\"title4 titol\">Qui \u00e9s el responsable del tractament de les vostres dades?<\/h3><p>EL TITULAR.<br \/>Les nostres dades figuren al\u00a0<a href=\"\/ca\/aviso-legal\/\" target=\"_blank\" rel=\"noopener\">av\u00eds legal<\/a>\u00a0d\u00b4aquesta web.<\/p><h3 class=\"title4 titol\">Amb quina finalitat tractem les vostres dades personals?<\/h3><ul class=\"\"><li><div class=\"cont\"><p>Tractem la informaci\u00f3 que se&#039;ns facilita per prestar i facturar els nostres serveis i productes.<\/p><\/div><\/li><li><div class=\"cont\"><p>Si ens doneu el vostre consentiment tamb\u00e9 podrem tractar les vostres dades per enviar-vos informaci\u00f3 sobre les nostres activitats, serveis i productes.<\/p><\/div><\/li><li><div class=\"cont\"><p>Si participa en algun dels nostres sorteigs i\/o concursos publicarem el seu nom i cognoms, i la seva imatge, als diferents espais i mitjans de comunicaci\u00f3 i difusi\u00f3 que utilitzem, incloses les xarxes socials, per tal de promocionar les nostres activitats, serveis i productes .<\/p><\/div><\/li><\/ul><h3 class=\"title4 titol\">Quant de temps conservarem les vostres dades?<\/h3><p>Les dades personals proporcionades es conservaran mentre sigui usuari dels nostres serveis o vulgui rebre informaci\u00f3, i si participa en una promoci\u00f3 mentre estigui activa, i despr\u00e9s, durant els terminis establerts per complir les nostres obligacions legals.<\/p><h3 class=\"title4 titol\">Quina \u00e9s la legitimaci\u00f3 per al tractament de les vostres dades?<\/h3><p>La base legal per als tractaments de les vostres dades s\u00f3n els consentiments que ens d\u00f3na.<\/p><p>Pel que fa a la informaci\u00f3 que ens sigui enviada per menors de 14 anys, s&#039;entendr\u00e0 que ho ha estat amb el consentiment dels seus representants legals. Si no \u00e9s aix\u00ed, el representant legal del menor ens ho ha de comunicar tan aviat com en tingui coneixement.<\/p><h3 class=\"title4 titol\">A quins destinataris es comunicaran les vostres dades?<\/h3><p>Les dades no seran comunicades a tercers, llevat que ho exigeixi una llei o sigui necessari per complir amb la finalitat del tractament.<\/p><h3 class=\"title4 titol\">Quins s\u00f3n els vostres drets quan ens facilita les vostres dades?<\/h3><ul class=\"\"><li><div class=\"cont\"><p>Qualsevol persona t\u00e9 dret a obtenir confirmaci\u00f3 sobre si estem tractant o no les vostres dades personals.<\/p><\/div><\/li><li><div class=\"cont\"><p>Els interessats tenen dret a accedir a les seves dades personals, aix\u00ed com a sol\u00b7licitar la rectificaci\u00f3 de les dades inexactes o, si escau, sol\u00b7licitar la seva supressi\u00f3 quan, entre altres motius, les dades ja no siguin necess\u00e0ries per a les finalitats per a les quals es van recollir .<\/p><\/div><\/li><li><div class=\"cont\"><p>En determinades circumst\u00e0ncies els interessats podran sol\u00b7licitar la limitaci\u00f3 del tractament de les dades, en aquest cas \u00fanicament les conservarem per a l&#039;exercici o la defensa de reclamacions.<\/p><\/div><\/li><li><div class=\"cont\"><p>Tamb\u00e9, en determinades circumst\u00e0ncies i per motius relacionats amb la seva situaci\u00f3 particular, els interessats poden oposar-se al tractament de les dades.<\/p><\/div><\/li><li><div class=\"cont\"><p>Els interessats tamb\u00e9 tenen dret a la portabilitat de les vostres dades.<\/p><\/div><\/li><li><div class=\"cont\"><p>Finalment, els interessats tenen dret a presentar una reclamaci\u00f3 davant de l&#039;Autoritat de Control competent.<\/p><\/div><\/li><\/ul><h3 class=\"title4 titol\">Com podeu exercir els vostres drets?<\/h3><p>Enviant un escrit adjuntant una c\u00f2pia d&#039;un document que ho identifiqui, a la nostra adre\u00e7a f\u00edsica o electr\u00f2nica.<\/p><p class=\"title4 titol text-bold\">Com hem obtingut les vostres dades?<\/p><p>Les dades personals que tractem procedeixen del mateix interessat. L&#039;interessat garanteix que les dades personals facilitades s\u00f3n certes i es fa responsable de comunicar-ne qualsevol modificaci\u00f3. Les dades que estiguin marcades amb un asterisc seran obligat\u00f2ries per poder donar-li el servei sol\u00b7licitat.<\/p><h3 class=\"title4 titol\">Quines dades tractem?<\/h3><p>Les categories de dades que podem tractar en la prestaci\u00f3 dels nostres serveis s\u00f3n:<\/p><ul class=\"\"><li><div class=\"cont\"><p>Dades de car\u00e0cter identificatiu<\/p><\/div><\/li><li><div class=\"cont\"><p>Adreces postals o electr\u00f2niques<\/p><\/div><\/li><li><div class=\"cont\"><p>Altres dades sol\u00b7licitades als nostres formularis<\/p><\/div><\/li><\/ul><p>Les dades s\u00f3n limitades, at\u00e8s que \u00fanicament tractem les dades necess\u00e0ries per a la prestaci\u00f3 dels nostres serveis i la gesti\u00f3 de la nostra activitat.<\/p><h3 class=\"title4 titol\">Fem servir galetes?<\/h3><p>Utilitzem cookies durant la navegaci\u00f3 a la nostra web amb el consentiment informat de l&#039;usuari.\u00a0<a href=\"\/ca\/p-de-cookies\/\" target=\"_blank\" rel=\"noopener\">pol\u00edtica de cookies<\/a>.<\/p><h3 class=\"title4 titol\">Quines mesures de seguretat apliquem?<\/h3><p>Apliquem les mesures de seguretat establertes a l&#039;article 32 del RGPD, per tant, hem adoptat les mesures de seguretat necess\u00e0ries per garantir un nivell de seguretat adequat al risc del tractament de dades que realitzem, amb mecanismes que ens permeten garantir la confidencialitat, integritat, disponibilitat i resili\u00e8ncia permanent dels sistemes i serveis de tractament.<\/p><p>Algunes daquestes mesures s\u00f3n:<\/p><ul class=\"\"><li><div class=\"cont\"><p>Informaci\u00f3 de les pol\u00edtiques de tractament de dades al personal.<\/p><\/div><\/li><li><div class=\"cont\"><p>Realitzaci\u00f3 de c\u00f2pies de seguretat peri\u00f2diques.<\/p><\/div><\/li><li><div class=\"cont\"><p>Control dacc\u00e9s a les dades.<\/p><\/div><\/li><li><div class=\"cont\"><p>Processos de verificaci\u00f3, avaluaci\u00f3 i valoraci\u00f3 regulars.<\/p><\/div><\/li><\/ul>\t\t\t\t\t\t<\/div>\n\t\t\t\t<\/div>\n\t\t\t\t\t<\/div>\n\t\t\t\t<\/div>\n\t\t\t\t<\/div>","protected":false},"excerpt":{"rendered":"<p>EL TITULAR es compromet a protegir la privadesa dels usuaris que accedeixin a aquesta web i\/o qualsevol dels seus serveis. La utilitzaci\u00f3 de la web i\/o de qualsevol dels serveis oferts pel TITULAR implica l&#039;acceptaci\u00f3 per l&#039;usuari de les disposicions contingudes en aquesta Pol\u00edtica de Privadesa i que els seus [\u2026]<\/p>","protected":false},"author":1,"featured_media":0,"parent":0,"menu_order":0,"comment_status":"closed","ping_status":"closed","template":"","meta":{"footnotes":""},"class_list":["post-390","page","type-page","status-publish","hentry"],"yoast_head":"<!-- This site is optimized with the Yoast SEO plugin v23.1 - https:\/\/yoast.com\/wordpress\/plugins\/seo\/ -->\n<title>P. de Privacidad - Marimon Assessors<\/title>\n<meta name=\"robots\" content=\"index, follow, max-snippet:-1, max-image-preview:large, max-video-preview:-1\" \/>\n<link rel=\"canonical\" href=\"https:\/\/marimonassessors.com\/ca\/p-de-privacidad\/\" \/>\n<meta property=\"og:locale\" content=\"ca_ES\" \/>\n<meta property=\"og:type\" content=\"article\" \/>\n<meta property=\"og:title\" content=\"P. de Privacidad - Marimon Assessors\" \/>\n<meta property=\"og:description\" content=\"EL TITULAR se compromete a proteger la privacidad de los usuarios que accedan a esta web y\/o cualquiera de sus servicios. La utilizaci\u00f3n de la web y\/o de cualquiera de los servicios ofrecidos por EL TITULAR implica la aceptaci\u00f3n por el usuario de las disposiciones contenidas en la presente Pol\u00edtica de Privacidad y que sus [&hellip;]\" \/>\n<meta property=\"og:url\" content=\"https:\/\/marimonassessors.com\/ca\/p-de-privacidad\/\" \/>\n<meta property=\"og:site_name\" content=\"Marimon Assessors\" \/>\n<meta property=\"article:modified_time\" content=\"2024-07-24T12:29:40+00:00\" \/>\n<meta name=\"twitter:card\" content=\"summary_large_image\" \/>\n<meta name=\"twitter:label1\" content=\"Temps estimat de lectura\" \/>\n\t<meta name=\"twitter:data1\" content=\"5 minuts\" \/>\n<script type=\"application\/ld+json\" class=\"yoast-schema-graph\">{\"@context\":\"https:\/\/schema.org\",\"@graph\":[{\"@type\":\"WebPage\",\"@id\":\"https:\/\/marimonassessors.com\/p-de-privacidad\/\",\"url\":\"https:\/\/marimonassessors.com\/p-de-privacidad\/\",\"name\":\"P. de Privacidad - Marimon Assessors\",\"isPartOf\":{\"@id\":\"https:\/\/marimonassessors.com\/#website\"},\"datePublished\":\"2024-07-24T12:26:17+00:00\",\"dateModified\":\"2024-07-24T12:29:40+00:00\",\"breadcrumb\":{\"@id\":\"https:\/\/marimonassessors.com\/p-de-privacidad\/#breadcrumb\"},\"inLanguage\":\"ca\",\"potentialAction\":[{\"@type\":\"ReadAction\",\"target\":[\"https:\/\/marimonassessors.com\/p-de-privacidad\/\"]}]},{\"@type\":\"BreadcrumbList\",\"@id\":\"https:\/\/marimonassessors.com\/p-de-privacidad\/#breadcrumb\",\"itemListElement\":[{\"@type\":\"ListItem\",\"position\":1,\"name\":\"Portada\",\"item\":\"https:\/\/marimonassessors.com\/\"},{\"@type\":\"ListItem\",\"position\":2,\"name\":\"P. de Privacidad\"}]},{\"@type\":\"WebSite\",\"@id\":\"https:\/\/marimonassessors.com\/#website\",\"url\":\"https:\/\/marimonassessors.com\/\",\"name\":\"Marimon Assessors\",\"description\":\"\",\"potentialAction\":[{\"@type\":\"SearchAction\",\"target\":{\"@type\":\"EntryPoint\",\"urlTemplate\":\"https:\/\/marimonassessors.com\/?s={search_term_string}\"},\"query-input\":\"required name=search_term_string\"}],\"inLanguage\":\"ca\"}]}<\/script>\n<!-- \/ Yoast SEO plugin. -->","yoast_head_json":{"title":"P. de Privacidad - Marimon Assessors","robots":{"index":"index","follow":"follow","max-snippet":"max-snippet:-1","max-image-preview":"max-image-preview:large","max-video-preview":"max-video-preview:-1"},"canonical":"https:\/\/marimonassessors.com\/ca\/p-de-privacidad\/","og_locale":"ca_ES","og_type":"article","og_title":"P. de Privacidad - Marimon Assessors","og_description":"EL TITULAR se compromete a proteger la privacidad de los usuarios que accedan a esta web y\/o cualquiera de sus servicios. La utilizaci\u00f3n de la web y\/o de cualquiera de los servicios ofrecidos por EL TITULAR implica la aceptaci\u00f3n por el usuario de las disposiciones contenidas en la presente Pol\u00edtica de Privacidad y que sus [&hellip;]","og_url":"https:\/\/marimonassessors.com\/ca\/p-de-privacidad\/","og_site_name":"Marimon Assessors","article_modified_time":"2024-07-24T12:29:40+00:00","twitter_card":"summary_large_image","twitter_misc":{"Temps estimat de lectura":"5 minuts"},"schema":{"@context":"https:\/\/schema.org","@graph":[{"@type":"WebPage","@id":"https:\/\/marimonassessors.com\/p-de-privacidad\/","url":"https:\/\/marimonassessors.com\/p-de-privacidad\/","name":"P. de Privacidad - Marimon Assessors","isPartOf":{"@id":"https:\/\/marimonassessors.com\/#website"},"datePublished":"2024-07-24T12:26:17+00:00","dateModified":"2024-07-24T12:29:40+00:00","breadcrumb":{"@id":"https:\/\/marimonassessors.com\/p-de-privacidad\/#breadcrumb"},"inLanguage":"ca","potentialAction":[{"@type":"ReadAction","target":["https:\/\/marimonassessors.com\/p-de-privacidad\/"]}]},{"@type":"BreadcrumbList","@id":"https:\/\/marimonassessors.com\/p-de-privacidad\/#breadcrumb","itemListElement":[{"@type":"ListItem","position":1,"name":"Portada","item":"https:\/\/marimonassessors.com\/"},{"@type":"ListItem","position":2,"name":"P. de Privacidad"}]},{"@type":"WebSite","@id":"https:\/\/marimonassessors.com\/#website","url":"https:\/\/marimonassessors.com\/","name":"Marimon Assessors","description":"","potentialAction":[{"@type":"SearchAction","target":{"@type":"EntryPoint","urlTemplate":"https:\/\/marimonassessors.com\/?s={search_term_string}"},"query-input":"required name=search_term_string"}],"inLanguage":"ca"}]}},"_links":{"self":[{"href":"https:\/\/marimonassessors.com\/ca\/wp-json\/wp\/v2\/pages\/390","targetHints":{"allow":["GET"]}}],"collection":[{"href":"https:\/\/marimonassessors.com\/ca\/wp-json\/wp\/v2\/pages"}],"about":[{"href":"https:\/\/marimonassessors.com\/ca\/wp-json\/wp\/v2\/types\/page"}],"author":[{"embeddable":true,"href":"https:\/\/marimonassessors.com\/ca\/wp-json\/wp\/v2\/users\/1"}],"replies":[{"embeddable":true,"href":"https:\/\/marimonassessors.com\/ca\/wp-json\/wp\/v2\/comments?post=390"}],"version-history":[{"count":4,"href":"https:\/\/marimonassessors.com\/ca\/wp-json\/wp\/v2\/pages\/390\/revisions"}],"predecessor-version":[{"id":402,"href":"https:\/\/marimonassessors.com\/ca\/wp-json\/wp\/v2\/pages\/390\/revisions\/402"}],"wp:attachment":[{"href":"https:\/\/marimonassessors.com\/ca\/wp-json\/wp\/v2\/media?parent=390"}],"curies":[{"name":"wp","href":"https:\/\/api.w.org\/{rel}","templated":true}]}}